{"id":7913,"date":"2021-12-22T16:22:39","date_gmt":"2021-12-22T19:22:39","guid":{"rendered":"https:\/\/vde.utalca.cl\/?page_id=7913"},"modified":"2026-05-08T16:59:09","modified_gmt":"2026-05-08T19:59:09","slug":"nosotros","status":"publish","type":"page","link":"https:\/\/vde.utalca.cl\/?page_id=7913","title":{"rendered":"Nosotros"},"content":{"rendered":"\t\t<div data-elementor-type=\"wp-post\" data-elementor-id=\"7913\" class=\"elementor elementor-7913\" data-elementor-post-type=\"page\">\n\t\t\t\t\t\t<section class=\"elementor-section elementor-top-section elementor-element elementor-element-5a93238c elementor-section-stretched elementor-section-boxed elementor-section-height-default elementor-section-height-default\" data-id=\"5a93238c\" data-element_type=\"section\" data-e-type=\"section\" data-settings=\"{&quot;stretch_section&quot;:&quot;section-stretched&quot;,&quot;background_background&quot;:&quot;classic&quot;}\">\n\t\t\t\t\t\t<div class=\"elementor-container elementor-column-gap-default\">\n\t\t\t\t\t<div class=\"elementor-column elementor-col-100 elementor-top-column elementor-element elementor-element-1e092960\" data-id=\"1e092960\" data-element_type=\"column\" data-e-type=\"column\">\n\t\t\t<div class=\"elementor-widget-wrap elementor-element-populated\">\n\t\t\t\t\t\t<div class=\"elementor-element elementor-element-fd6e579 elementor-widget elementor-widget-heading\" data-id=\"fd6e579\" data-element_type=\"widget\" data-e-type=\"widget\" data-widget_type=\"heading.default\">\n\t\t\t\t<div class=\"elementor-widget-container\">\n\t\t\t\t\t<h1 class=\"elementor-heading-title elementor-size-default\">La Vicerrector\u00eda<br>\n<span style=\"color:#D0312A;font-weight:900;font-style:normal;font-size:30px\"> DE DESARROLLO ESTUDIANTIL<\/span><\/h1>\t\t\t\t<\/div>\n\t\t\t\t<\/div>\n\t\t\t\t<div class=\"elementor-element elementor-element-599807fc elementor-widget elementor-widget-text-editor\" data-id=\"599807fc\" data-element_type=\"widget\" data-e-type=\"widget\" data-widget_type=\"text-editor.default\">\n\t\t\t\t<div class=\"elementor-widget-container\">\n\t\t\t\t\t\t\t\t\t<p>La Vicerrector\u00eda de Desarrollo Estudiantil busca ser el espacio vital que fortalezca el desarrollo integral de los alumnos y la vinculaci\u00f3n con la universidad por medio de la entrega de herramientas y oportunidades, fomentando as\u00ed, una destacada participaci\u00f3n a nivel regional y nacional.<\/p>\t\t\t\t\t\t\t\t<\/div>\n\t\t\t\t<\/div>\n\t\t\t\t<div class=\"elementor-element elementor-element-50513b77 elementor-widget elementor-widget-text-editor\" data-id=\"50513b77\" data-element_type=\"widget\" data-e-type=\"widget\" data-widget_type=\"text-editor.default\">\n\t\t\t\t<div class=\"elementor-widget-container\">\n\t\t\t\t\t\t\t\t\t<p>Su misi\u00f3n es promover el bienestar y el desarrollo integral de los alumnos, a trav\u00e9s de una permanente asesor\u00eda, orientaci\u00f3n y apoyo asistencial desde el ingreso hasta su inserci\u00f3n en el mundo laboral.<\/p>\t\t\t\t\t\t\t\t<\/div>\n\t\t\t\t<\/div>\n\t\t\t\t\t<\/div>\n\t\t<\/div>\n\t\t\t\t\t<\/div>\n\t\t<\/section>\n\t\t\t\t<section class=\"elementor-section elementor-top-section elementor-element elementor-element-11db03f elementor-section-boxed elementor-section-height-default elementor-section-height-default\" data-id=\"11db03f\" data-element_type=\"section\" data-e-type=\"section\" data-settings=\"{&quot;background_background&quot;:&quot;classic&quot;}\">\n\t\t\t\t\t\t<div class=\"elementor-container elementor-column-gap-default\">\n\t\t\t\t\t<div class=\"elementor-column elementor-col-100 elementor-top-column elementor-element elementor-element-df7901f\" data-id=\"df7901f\" data-element_type=\"column\" data-e-type=\"column\">\n\t\t\t<div class=\"elementor-widget-wrap elementor-element-populated\">\n\t\t\t\t\t\t<div class=\"elementor-element elementor-element-a4579ed elementor-widget elementor-widget-heading\" data-id=\"a4579ed\" data-element_type=\"widget\" data-e-type=\"widget\" data-widget_type=\"heading.default\">\n\t\t\t\t<div class=\"elementor-widget-container\">\n\t\t\t\t\t<h1 class=\"elementor-heading-title elementor-size-default\">Equipo<br>\n<span style=\"color:#D0312A;font-weight:900;font-style:normal;font-size:30px\"> DE TRABAJO<\/span><\/h1>\t\t\t\t<\/div>\n\t\t\t\t<\/div>\n\t\t\t\t<section class=\"elementor-section elementor-inner-section elementor-element elementor-element-628eaf9 elementor-section-boxed elementor-section-height-default elementor-section-height-default\" data-id=\"628eaf9\" data-element_type=\"section\" data-e-type=\"section\">\n\t\t\t\t\t\t<div class=\"elementor-container elementor-column-gap-default\">\n\t\t\t\t\t<div class=\"elementor-column elementor-col-33 elementor-inner-column elementor-element elementor-element-63c4fa8\" data-id=\"63c4fa8\" data-element_type=\"column\" data-e-type=\"column\">\n\t\t\t<div class=\"elementor-widget-wrap elementor-element-populated\">\n\t\t\t\t\t\t<div class=\"elementor-element elementor-element-f0ce948 elementor-widget elementor-widget-image\" data-id=\"f0ce948\" data-element_type=\"widget\" data-e-type=\"widget\" data-widget_type=\"image.default\">\n\t\t\t\t<div class=\"elementor-widget-container\">\n\t\t\t\t\t\t\t\t\t\t\t\t\t\t\t<img decoding=\"async\" width=\"150\" height=\"150\" src=\"https:\/\/vde.utalca.cl\/wp-content\/uploads\/2026\/05\/olga_lobos-472-150x150.jpg\" class=\"attachment-thumbnail size-thumbnail wp-image-9099\" alt=\"\" srcset=\"https:\/\/vde.utalca.cl\/wp-content\/uploads\/2026\/05\/olga_lobos-472-150x150.jpg 150w, https:\/\/vde.utalca.cl\/wp-content\/uploads\/2026\/05\/olga_lobos-472-300x300.jpg 300w, https:\/\/vde.utalca.cl\/wp-content\/uploads\/2026\/05\/olga_lobos-472.jpg 472w\" sizes=\"(max-width: 150px) 100vw, 150px\" \/>\t\t\t\t\t\t\t\t\t\t\t\t\t\t\t<\/div>\n\t\t\t\t<\/div>\n\t\t\t\t<div class=\"elementor-element elementor-element-8b82a1a elementor-widget elementor-widget-text-editor\" data-id=\"8b82a1a\" data-element_type=\"widget\" data-e-type=\"widget\" data-widget_type=\"text-editor.default\">\n\t\t\t\t<div class=\"elementor-widget-container\">\n\t\t\t\t\t\t\t\t\t<p><strong style=\"font-weight: 800;\">OLGA LOBOS GILABERT<br \/><\/strong><b>Vicerrectora de Desarrollo<br \/>Estudiantil<br \/><\/b>71-2200472<br \/>olobos@utalca.cl<\/p>\t\t\t\t\t\t\t\t<\/div>\n\t\t\t\t<\/div>\n\t\t\t\t\t<\/div>\n\t\t<\/div>\n\t\t\t\t<div class=\"elementor-column elementor-col-33 elementor-inner-column elementor-element elementor-element-eabfbe1\" data-id=\"eabfbe1\" data-element_type=\"column\" data-e-type=\"column\">\n\t\t\t<div class=\"elementor-widget-wrap elementor-element-populated\">\n\t\t\t\t\t\t<div class=\"elementor-element elementor-element-3a44af0 elementor-widget elementor-widget-image\" data-id=\"3a44af0\" data-element_type=\"widget\" data-e-type=\"widget\" data-widget_type=\"image.default\">\n\t\t\t\t<div class=\"elementor-widget-container\">\n\t\t\t\t\t\t\t\t\t\t\t\t\t\t\t<img decoding=\"async\" width=\"150\" height=\"150\" src=\"https:\/\/vde.utalca.cl\/wp-content\/uploads\/2022\/01\/sandra_alegria-2-150x150.jpg\" class=\"attachment-thumbnail size-thumbnail wp-image-8236\" alt=\"\" srcset=\"https:\/\/vde.utalca.cl\/wp-content\/uploads\/2022\/01\/sandra_alegria-2-150x150.jpg 150w, https:\/\/vde.utalca.cl\/wp-content\/uploads\/2022\/01\/sandra_alegria-2-300x300.jpg 300w, https:\/\/vde.utalca.cl\/wp-content\/uploads\/2022\/01\/sandra_alegria-2.jpg 472w\" sizes=\"(max-width: 150px) 100vw, 150px\" \/>\t\t\t\t\t\t\t\t\t\t\t\t\t\t\t<\/div>\n\t\t\t\t<\/div>\n\t\t\t\t<div class=\"elementor-element elementor-element-e00f557 elementor-widget elementor-widget-text-editor\" data-id=\"e00f557\" data-element_type=\"widget\" data-e-type=\"widget\" data-widget_type=\"text-editor.default\">\n\t\t\t\t<div class=\"elementor-widget-container\">\n\t\t\t\t\t\t\t\t\t<p><strong style=\"font-weight: 800;\">SANDRA ALEGRIA PARADA<br \/><\/strong><b>Asistente <br \/>Vicerrectora<\/b><br \/>71-2200472 <br \/>salegria@utalca.cl<\/p>\t\t\t\t\t\t\t\t<\/div>\n\t\t\t\t<\/div>\n\t\t\t\t\t<\/div>\n\t\t<\/div>\n\t\t\t\t<div class=\"elementor-column elementor-col-33 elementor-inner-column elementor-element elementor-element-cbb19f0\" data-id=\"cbb19f0\" data-element_type=\"column\" data-e-type=\"column\">\n\t\t\t<div class=\"elementor-widget-wrap elementor-element-populated\">\n\t\t\t\t\t\t<div class=\"elementor-element elementor-element-cc6638b elementor-widget elementor-widget-image\" data-id=\"cc6638b\" data-element_type=\"widget\" data-e-type=\"widget\" data-widget_type=\"image.default\">\n\t\t\t\t<div class=\"elementor-widget-container\">\n\t\t\t\t\t\t\t\t\t\t\t\t\t\t\t<img decoding=\"async\" width=\"150\" height=\"150\" src=\"https:\/\/vde.utalca.cl\/wp-content\/uploads\/2024\/11\/Jorge-Gajardo-300-150x150.jpg\" class=\"attachment-thumbnail size-thumbnail wp-image-8695\" alt=\"\" srcset=\"https:\/\/vde.utalca.cl\/wp-content\/uploads\/2024\/11\/Jorge-Gajardo-300-150x150.jpg 150w, https:\/\/vde.utalca.cl\/wp-content\/uploads\/2024\/11\/Jorge-Gajardo-300.jpg 300w\" sizes=\"(max-width: 150px) 100vw, 150px\" \/>\t\t\t\t\t\t\t\t\t\t\t\t\t\t\t<\/div>\n\t\t\t\t<\/div>\n\t\t\t\t<div class=\"elementor-element elementor-element-872d3b0 elementor-widget elementor-widget-text-editor\" data-id=\"872d3b0\" data-element_type=\"widget\" data-e-type=\"widget\" data-widget_type=\"text-editor.default\">\n\t\t\t\t<div class=\"elementor-widget-container\">\n\t\t\t\t\t\t\t\t\t<strong style=\"font-weight: 800;\">JORGE GAJARDO\n<\/strong><br><b>Aseguramiento <br>de la Calidad\n<\/b><br>jorge.gajardo@utalca.cl<b>\n<\/b>\t\t\t\t\t\t\t\t<\/div>\n\t\t\t\t<\/div>\n\t\t\t\t\t<\/div>\n\t\t<\/div>\n\t\t\t\t\t<\/div>\n\t\t<\/section>\n\t\t\t\t<div class=\"elementor-element elementor-element-31e72da elementor-widget elementor-widget-spacer\" data-id=\"31e72da\" data-element_type=\"widget\" data-e-type=\"widget\" data-widget_type=\"spacer.default\">\n\t\t\t\t<div class=\"elementor-widget-container\">\n\t\t\t\t\t\t\t<div class=\"elementor-spacer\">\n\t\t\t<div class=\"elementor-spacer-inner\"><\/div>\n\t\t<\/div>\n\t\t\t\t\t\t<\/div>\n\t\t\t\t<\/div>\n\t\t\t\t<section class=\"elementor-section elementor-inner-section elementor-element elementor-element-5d90f82 elementor-section-boxed elementor-section-height-default elementor-section-height-default\" data-id=\"5d90f82\" data-element_type=\"section\" data-e-type=\"section\">\n\t\t\t\t\t\t<div class=\"elementor-container elementor-column-gap-default\">\n\t\t\t\t\t<div class=\"elementor-column elementor-col-33 elementor-inner-column elementor-element elementor-element-c9cfc7b\" data-id=\"c9cfc7b\" data-element_type=\"column\" data-e-type=\"column\">\n\t\t\t<div class=\"elementor-widget-wrap elementor-element-populated\">\n\t\t\t\t\t\t<div class=\"elementor-element elementor-element-8edeee1 elementor-widget elementor-widget-image\" data-id=\"8edeee1\" data-element_type=\"widget\" data-e-type=\"widget\" data-widget_type=\"image.default\">\n\t\t\t\t<div class=\"elementor-widget-container\">\n\t\t\t\t\t\t\t\t\t\t\t\t\t\t\t<img loading=\"lazy\" decoding=\"async\" width=\"150\" height=\"150\" src=\"https:\/\/vde.utalca.cl\/wp-content\/uploads\/2022\/01\/sandra-chamorro-150x150.jpg\" class=\"attachment-thumbnail size-thumbnail wp-image-8009\" alt=\"\" srcset=\"https:\/\/vde.utalca.cl\/wp-content\/uploads\/2022\/01\/sandra-chamorro-150x150.jpg 150w, https:\/\/vde.utalca.cl\/wp-content\/uploads\/2022\/01\/sandra-chamorro-300x300.jpg 300w, https:\/\/vde.utalca.cl\/wp-content\/uploads\/2022\/01\/sandra-chamorro.jpg 472w\" sizes=\"(max-width: 150px) 100vw, 150px\" \/>\t\t\t\t\t\t\t\t\t\t\t\t\t\t\t<\/div>\n\t\t\t\t<\/div>\n\t\t\t\t<div class=\"elementor-element elementor-element-60d27b9 elementor-widget elementor-widget-text-editor\" data-id=\"60d27b9\" data-element_type=\"widget\" data-e-type=\"widget\" data-widget_type=\"text-editor.default\">\n\t\t\t\t<div class=\"elementor-widget-container\">\n\t\t\t\t\t\t\t\t\t<p><strong style=\"font-weight: 800;\">SANDRA CHAMORRO GONZ\u00c1LEZ<br \/><\/strong><b>Directora de Bienestar<br \/>Estudiantil<br \/><\/b>71-2200477<br \/>sachamorro@utalca.cl<\/p>\t\t\t\t\t\t\t\t<\/div>\n\t\t\t\t<\/div>\n\t\t\t\t\t<\/div>\n\t\t<\/div>\n\t\t\t\t<div class=\"elementor-column elementor-col-33 elementor-inner-column elementor-element elementor-element-f306abf\" data-id=\"f306abf\" data-element_type=\"column\" data-e-type=\"column\">\n\t\t\t<div class=\"elementor-widget-wrap elementor-element-populated\">\n\t\t\t\t\t\t<div class=\"elementor-element elementor-element-eb54b13 elementor-widget elementor-widget-image\" data-id=\"eb54b13\" data-element_type=\"widget\" data-e-type=\"widget\" data-widget_type=\"image.default\">\n\t\t\t\t<div class=\"elementor-widget-container\">\n\t\t\t\t\t\t\t\t\t\t\t\t\t\t\t<img loading=\"lazy\" decoding=\"async\" width=\"150\" height=\"150\" src=\"https:\/\/vde.utalca.cl\/wp-content\/uploads\/2022\/01\/judith-mendez-150x150.jpg\" class=\"attachment-thumbnail size-thumbnail wp-image-8011\" alt=\"\" srcset=\"https:\/\/vde.utalca.cl\/wp-content\/uploads\/2022\/01\/judith-mendez-150x150.jpg 150w, https:\/\/vde.utalca.cl\/wp-content\/uploads\/2022\/01\/judith-mendez-300x300.jpg 300w, https:\/\/vde.utalca.cl\/wp-content\/uploads\/2022\/01\/judith-mendez.jpg 472w\" sizes=\"(max-width: 150px) 100vw, 150px\" \/>\t\t\t\t\t\t\t\t\t\t\t\t\t\t\t<\/div>\n\t\t\t\t<\/div>\n\t\t\t\t<div class=\"elementor-element elementor-element-72945d5 elementor-widget elementor-widget-text-editor\" data-id=\"72945d5\" data-element_type=\"widget\" data-e-type=\"widget\" data-widget_type=\"text-editor.default\">\n\t\t\t\t<div class=\"elementor-widget-container\">\n\t\t\t\t\t\t\t\t\t<p><strong style=\"font-weight: 800;\">JUDITH M\u00c9NDEZ ARENAS<br \/><\/strong><b>Asistente de Direcci\u00f3n <br \/>de Bienestar Estudiantil<\/b><br \/>71-2200478<br \/>jmendez@utalca.cl<\/p>\t\t\t\t\t\t\t\t<\/div>\n\t\t\t\t<\/div>\n\t\t\t\t\t<\/div>\n\t\t<\/div>\n\t\t\t\t<div class=\"elementor-column elementor-col-33 elementor-inner-column elementor-element elementor-element-018d980\" data-id=\"018d980\" data-element_type=\"column\" data-e-type=\"column\">\n\t\t\t<div class=\"elementor-widget-wrap elementor-element-populated\">\n\t\t\t\t\t\t<div class=\"elementor-element elementor-element-f4fcb2c elementor-widget elementor-widget-image\" data-id=\"f4fcb2c\" data-element_type=\"widget\" data-e-type=\"widget\" data-widget_type=\"image.default\">\n\t\t\t\t<div class=\"elementor-widget-container\">\n\t\t\t\t\t\t\t\t\t\t\t\t\t\t\t<img loading=\"lazy\" decoding=\"async\" width=\"150\" height=\"150\" src=\"https:\/\/vde.utalca.cl\/wp-content\/uploads\/2022\/01\/javiera-montecinos-150x150.jpg\" class=\"attachment-thumbnail size-thumbnail wp-image-8007\" alt=\"\" srcset=\"https:\/\/vde.utalca.cl\/wp-content\/uploads\/2022\/01\/javiera-montecinos-150x150.jpg 150w, https:\/\/vde.utalca.cl\/wp-content\/uploads\/2022\/01\/javiera-montecinos-300x300.jpg 300w, https:\/\/vde.utalca.cl\/wp-content\/uploads\/2022\/01\/javiera-montecinos.jpg 472w\" sizes=\"(max-width: 150px) 100vw, 150px\" \/>\t\t\t\t\t\t\t\t\t\t\t\t\t\t\t<\/div>\n\t\t\t\t<\/div>\n\t\t\t\t<div class=\"elementor-element elementor-element-fd74ff8 elementor-widget elementor-widget-text-editor\" data-id=\"fd74ff8\" data-element_type=\"widget\" data-e-type=\"widget\" data-widget_type=\"text-editor.default\">\n\t\t\t\t<div class=\"elementor-widget-container\">\n\t\t\t\t\t\t\t\t\t<p><strong style=\"font-weight: 800;\">JAVIERA MONTECINOS REBOLLEDO<br \/><\/strong><b>Directora de Apoyo a Organizaciones e Iniciativas Estudiantiles<\/b><br \/>71-2214177 <br \/>jmontecinos@utalca.cl<\/p>\t\t\t\t\t\t\t\t<\/div>\n\t\t\t\t<\/div>\n\t\t\t\t\t<\/div>\n\t\t<\/div>\n\t\t\t\t\t<\/div>\n\t\t<\/section>\n\t\t\t\t<div class=\"elementor-element elementor-element-a653126 elementor-widget elementor-widget-spacer\" data-id=\"a653126\" data-element_type=\"widget\" data-e-type=\"widget\" data-widget_type=\"spacer.default\">\n\t\t\t\t<div class=\"elementor-widget-container\">\n\t\t\t\t\t\t\t<div class=\"elementor-spacer\">\n\t\t\t<div class=\"elementor-spacer-inner\"><\/div>\n\t\t<\/div>\n\t\t\t\t\t\t<\/div>\n\t\t\t\t<\/div>\n\t\t\t\t<section class=\"elementor-section elementor-inner-section elementor-element elementor-element-f818132 elementor-section-boxed elementor-section-height-default elementor-section-height-default\" data-id=\"f818132\" data-element_type=\"section\" data-e-type=\"section\">\n\t\t\t\t\t\t<div class=\"elementor-container elementor-column-gap-default\">\n\t\t\t\t\t<div class=\"elementor-column elementor-col-33 elementor-inner-column elementor-element elementor-element-ef8c432\" data-id=\"ef8c432\" data-element_type=\"column\" data-e-type=\"column\">\n\t\t\t<div class=\"elementor-widget-wrap elementor-element-populated\">\n\t\t\t\t\t\t<div class=\"elementor-element elementor-element-a67baa0 elementor-widget elementor-widget-image\" data-id=\"a67baa0\" data-element_type=\"widget\" data-e-type=\"widget\" data-widget_type=\"image.default\">\n\t\t\t\t<div class=\"elementor-widget-container\">\n\t\t\t\t\t\t\t\t\t\t\t\t\t\t\t<img loading=\"lazy\" decoding=\"async\" width=\"150\" height=\"150\" src=\"https:\/\/vde.utalca.cl\/wp-content\/uploads\/2025\/05\/sin-foto.jpg\" class=\"attachment-thumbnail size-thumbnail wp-image-8700\" alt=\"\" \/>\t\t\t\t\t\t\t\t\t\t\t\t\t\t\t<\/div>\n\t\t\t\t<\/div>\n\t\t\t\t<div class=\"elementor-element elementor-element-02de5c9 elementor-widget elementor-widget-text-editor\" data-id=\"02de5c9\" data-element_type=\"widget\" data-e-type=\"widget\" data-widget_type=\"text-editor.default\">\n\t\t\t\t<div class=\"elementor-widget-container\">\n\t\t\t\t\t\t\t\t\t<p><strong style=\"font-weight: 800;\">JENNY M\u00c1RQUEZ BASTIAS<br \/><\/strong><b>Asistente de Direcci\u00f3n de Apoyo a Organizaciones e Iniciativas Estudiantiles<br \/><\/b>71-2200389<br \/>jenny.marquez@utalca.cl<\/p>\t\t\t\t\t\t\t\t<\/div>\n\t\t\t\t<\/div>\n\t\t\t\t\t<\/div>\n\t\t<\/div>\n\t\t\t\t<div class=\"elementor-column elementor-col-33 elementor-inner-column elementor-element elementor-element-af5d721\" data-id=\"af5d721\" data-element_type=\"column\" data-e-type=\"column\">\n\t\t\t<div class=\"elementor-widget-wrap elementor-element-populated\">\n\t\t\t\t\t\t<div class=\"elementor-element elementor-element-194dcb6 elementor-widget elementor-widget-image\" data-id=\"194dcb6\" data-element_type=\"widget\" data-e-type=\"widget\" data-widget_type=\"image.default\">\n\t\t\t\t<div class=\"elementor-widget-container\">\n\t\t\t\t\t\t\t\t\t\t\t\t\t\t\t<img loading=\"lazy\" decoding=\"async\" width=\"150\" height=\"150\" src=\"https:\/\/vde.utalca.cl\/wp-content\/uploads\/2022\/01\/daniel-jimenez-150x150.jpg\" class=\"attachment-thumbnail size-thumbnail wp-image-8006\" alt=\"\" srcset=\"https:\/\/vde.utalca.cl\/wp-content\/uploads\/2022\/01\/daniel-jimenez-150x150.jpg 150w, https:\/\/vde.utalca.cl\/wp-content\/uploads\/2022\/01\/daniel-jimenez-300x300.jpg 300w, https:\/\/vde.utalca.cl\/wp-content\/uploads\/2022\/01\/daniel-jimenez.jpg 472w\" sizes=\"(max-width: 150px) 100vw, 150px\" \/>\t\t\t\t\t\t\t\t\t\t\t\t\t\t\t<\/div>\n\t\t\t\t<\/div>\n\t\t\t\t<div class=\"elementor-element elementor-element-dd8362d elementor-widget elementor-widget-text-editor\" data-id=\"dd8362d\" data-element_type=\"widget\" data-e-type=\"widget\" data-widget_type=\"text-editor.default\">\n\t\t\t\t<div class=\"elementor-widget-container\">\n\t\t\t\t\t\t\t\t\t<p><strong style=\"font-weight: 800;\">DANIEL JIMENEZ ACU\u00d1A<br \/><\/strong><b>Director de Salud <br \/>del Estudiante<\/b><br \/>71-2200474 <br \/>djimenez@utalca.cl<\/p>\t\t\t\t\t\t\t\t<\/div>\n\t\t\t\t<\/div>\n\t\t\t\t\t<\/div>\n\t\t<\/div>\n\t\t\t\t<div class=\"elementor-column elementor-col-33 elementor-inner-column elementor-element elementor-element-1b94afb\" data-id=\"1b94afb\" data-element_type=\"column\" data-e-type=\"column\">\n\t\t\t<div class=\"elementor-widget-wrap elementor-element-populated\">\n\t\t\t\t\t\t<div class=\"elementor-element elementor-element-e027064 elementor-widget elementor-widget-image\" data-id=\"e027064\" data-element_type=\"widget\" data-e-type=\"widget\" data-widget_type=\"image.default\">\n\t\t\t\t<div class=\"elementor-widget-container\">\n\t\t\t\t\t\t\t\t\t\t\t\t\t\t\t<img loading=\"lazy\" decoding=\"async\" width=\"150\" height=\"150\" src=\"https:\/\/vde.utalca.cl\/wp-content\/uploads\/2022\/01\/roxana-ramos-150x150.jpg\" class=\"attachment-thumbnail size-thumbnail wp-image-8008\" alt=\"\" srcset=\"https:\/\/vde.utalca.cl\/wp-content\/uploads\/2022\/01\/roxana-ramos-150x150.jpg 150w, https:\/\/vde.utalca.cl\/wp-content\/uploads\/2022\/01\/roxana-ramos-300x300.jpg 300w, https:\/\/vde.utalca.cl\/wp-content\/uploads\/2022\/01\/roxana-ramos.jpg 472w\" sizes=\"(max-width: 150px) 100vw, 150px\" \/>\t\t\t\t\t\t\t\t\t\t\t\t\t\t\t<\/div>\n\t\t\t\t<\/div>\n\t\t\t\t<div class=\"elementor-element elementor-element-cc417c6 elementor-widget elementor-widget-text-editor\" data-id=\"cc417c6\" data-element_type=\"widget\" data-e-type=\"widget\" data-widget_type=\"text-editor.default\">\n\t\t\t\t<div class=\"elementor-widget-container\">\n\t\t\t\t\t\t\t\t\t<p><strong style=\"font-weight: 800;\">ROXANA RAMOS Z\u00c1RATE<br \/><\/strong><b>Asistente de Direcci\u00f3n <br \/>de Salud del Estudiante<\/b><br \/>71-2200475 <br \/>roramos@utalca.cl<\/p>\t\t\t\t\t\t\t\t<\/div>\n\t\t\t\t<\/div>\n\t\t\t\t\t<\/div>\n\t\t<\/div>\n\t\t\t\t\t<\/div>\n\t\t<\/section>\n\t\t\t\t\t<\/div>\n\t\t<\/div>\n\t\t\t\t\t<\/div>\n\t\t<\/section>\n\t\t\t\t<section class=\"elementor-section elementor-top-section elementor-element elementor-element-4874d63a elementor-section-stretched elementor-section-boxed elementor-section-height-default elementor-section-height-default\" data-id=\"4874d63a\" data-element_type=\"section\" data-e-type=\"section\" data-settings=\"{&quot;stretch_section&quot;:&quot;section-stretched&quot;,&quot;background_background&quot;:&quot;classic&quot;}\">\n\t\t\t\t\t\t\t<div class=\"elementor-background-overlay\"><\/div>\n\t\t\t\t\t\t\t<div class=\"elementor-container elementor-column-gap-extended\">\n\t\t\t\t\t<div class=\"elementor-column elementor-col-20 elementor-top-column elementor-element elementor-element-776817ca\" data-id=\"776817ca\" data-element_type=\"column\" data-e-type=\"column\">\n\t\t\t<div class=\"elementor-widget-wrap elementor-element-populated\">\n\t\t\t\t\t\t<div class=\"elementor-element elementor-element-46c9470d elementor-widget elementor-widget-image\" data-id=\"46c9470d\" data-element_type=\"widget\" data-e-type=\"widget\" data-widget_type=\"image.default\">\n\t\t\t\t<div class=\"elementor-widget-container\">\n\t\t\t\t\t\t\t\t\t\t\t\t\t\t\t\t<a href=\"https:\/\/vde.utalca.cl\/wp-content\/uploads\/2022\/11\/SEGURO-ESCOLAR_INFO.pdf\" target=\"_blank\">\n\t\t\t\t\t\t\t<img loading=\"lazy\" decoding=\"async\" width=\"294\" height=\"180\" src=\"https:\/\/vde.utalca.cl\/wp-content\/uploads\/2022\/11\/escudook.png\" class=\"attachment-medium size-medium wp-image-8395\" alt=\"\" \/>\t\t\t\t\t\t\t\t<\/a>\n\t\t\t\t\t\t\t\t\t\t\t\t\t\t\t<\/div>\n\t\t\t\t<\/div>\n\t\t\t\t\t<\/div>\n\t\t<\/div>\n\t\t\t\t<div class=\"elementor-column elementor-col-20 elementor-top-column elementor-element elementor-element-67e0a11b\" data-id=\"67e0a11b\" data-element_type=\"column\" data-e-type=\"column\">\n\t\t\t<div class=\"elementor-widget-wrap elementor-element-populated\">\n\t\t\t\t\t\t<div class=\"elementor-element elementor-element-536bf7b7 elementor-widget elementor-widget-image\" data-id=\"536bf7b7\" data-element_type=\"widget\" data-e-type=\"widget\" data-widget_type=\"image.default\">\n\t\t\t\t<div class=\"elementor-widget-container\">\n\t\t\t\t\t\t\t\t\t\t\t\t\t\t\t\t<a href=\"?page_id=7654\">\n\t\t\t\t\t\t\t<img loading=\"lazy\" decoding=\"async\" width=\"294\" height=\"156\" src=\"https:\/\/vde.utalca.cl\/wp-content\/uploads\/2021\/11\/logo_gratuidad.png\" class=\"attachment-medium size-medium wp-image-7673\" alt=\"\" \/>\t\t\t\t\t\t\t\t<\/a>\n\t\t\t\t\t\t\t\t\t\t\t\t\t\t\t<\/div>\n\t\t\t\t<\/div>\n\t\t\t\t\t<\/div>\n\t\t<\/div>\n\t\t\t\t<div class=\"elementor-column elementor-col-20 elementor-top-column elementor-element elementor-element-2148a136\" data-id=\"2148a136\" data-element_type=\"column\" data-e-type=\"column\">\n\t\t\t<div class=\"elementor-widget-wrap elementor-element-populated\">\n\t\t\t\t\t\t<div class=\"elementor-element elementor-element-2f435a27 elementor-widget elementor-widget-image\" data-id=\"2f435a27\" data-element_type=\"widget\" data-e-type=\"widget\" data-widget_type=\"image.default\">\n\t\t\t\t<div class=\"elementor-widget-container\">\n\t\t\t\t\t\t\t\t\t\t\t\t\t\t\t\t<a href=\"http:\/\/empleos.utalca.cl\/\" target=\"_blank\">\n\t\t\t\t\t\t\t<img loading=\"lazy\" decoding=\"async\" width=\"294\" height=\"156\" src=\"https:\/\/vde.utalca.cl\/wp-content\/uploads\/2021\/11\/logo-empleos.png\" class=\"attachment-medium size-medium wp-image-8075\" alt=\"\" \/>\t\t\t\t\t\t\t\t<\/a>\n\t\t\t\t\t\t\t\t\t\t\t\t\t\t\t<\/div>\n\t\t\t\t<\/div>\n\t\t\t\t\t<\/div>\n\t\t<\/div>\n\t\t\t\t<div class=\"elementor-column elementor-col-20 elementor-top-column elementor-element elementor-element-7553a99c\" data-id=\"7553a99c\" data-element_type=\"column\" data-e-type=\"column\">\n\t\t\t<div class=\"elementor-widget-wrap elementor-element-populated\">\n\t\t\t\t\t\t<div class=\"elementor-element elementor-element-39efcd3b elementor-widget elementor-widget-image\" data-id=\"39efcd3b\" data-element_type=\"widget\" data-e-type=\"widget\" data-widget_type=\"image.default\">\n\t\t\t\t<div class=\"elementor-widget-container\">\n\t\t\t\t\t\t\t\t\t\t\t\t\t\t\t<img loading=\"lazy\" decoding=\"async\" width=\"294\" height=\"156\" src=\"https:\/\/vde.utalca.cl\/wp-content\/uploads\/2021\/11\/logo_agenda.png\" class=\"attachment-full size-full wp-image-7365\" alt=\"\" \/>\t\t\t\t\t\t\t\t\t\t\t\t\t\t\t<\/div>\n\t\t\t\t<\/div>\n\t\t\t\t\t<\/div>\n\t\t<\/div>\n\t\t\t\t<div class=\"elementor-column elementor-col-20 elementor-top-column elementor-element elementor-element-15ac84ed\" data-id=\"15ac84ed\" data-element_type=\"column\" data-e-type=\"column\">\n\t\t\t<div class=\"elementor-widget-wrap elementor-element-populated\">\n\t\t\t\t\t\t<div class=\"elementor-element elementor-element-3ee4ba8d elementor-widget elementor-widget-image\" data-id=\"3ee4ba8d\" data-element_type=\"widget\" data-e-type=\"widget\" data-widget_type=\"image.default\">\n\t\t\t\t<div class=\"elementor-widget-container\">\n\t\t\t\t\t\t\t\t\t\t\t\t\t\t\t<img loading=\"lazy\" decoding=\"async\" width=\"294\" height=\"156\" src=\"https:\/\/vde.utalca.cl\/wp-content\/uploads\/2021\/11\/logo_encuestas.png\" class=\"attachment-full size-full wp-image-7366\" alt=\"\" \/>\t\t\t\t\t\t\t\t\t\t\t\t\t\t\t<\/div>\n\t\t\t\t<\/div>\n\t\t\t\t\t<\/div>\n\t\t<\/div>\n\t\t\t\t\t<\/div>\n\t\t<\/section>\n\t\t\t\t<\/div>\n\t\t","protected":false},"excerpt":{"rendered":"<p>La Vicerrector\u00eda<br \/>\n DE DESARROLLO ESTUDIANTIL<br \/>\nLa Vicerrector\u00eda de Desarrollo Estudiantil busca ser el espacio vital que fortalezca el desarrollo integral de los alumnos y la vinculaci\u00f3n con la universidad por medio de la entrega de herramientas y oportunidades, fomentando <\/p>\n","protected":false},"author":1,"featured_media":0,"parent":0,"menu_order":0,"comment_status":"closed","ping_status":"closed","template":"","meta":{"pmpro_default_level":"","footnotes":""},"class_list":["post-7913","page","type-page","status-publish","hentry","pmpro-has-access"],"yoast_head":"<!-- This site is optimized with the Yoast SEO plugin v28.3 - https:\/\/yoast.com\/product\/yoast-seo-wordpress\/ -->\n<title>Nosotros - Vicerrector\u00eda de Desarrollo Estudiantil<\/title>\n<meta name=\"robots\" content=\"index, follow, max-snippet:-1, max-image-preview:large, max-video-preview:-1\" \/>\n<link rel=\"canonical\" href=\"https:\/\/vde.utalca.cl\/?page_id=7913\" \/>\n<meta property=\"og:locale\" content=\"es_ES\" \/>\n<meta property=\"og:type\" content=\"article\" \/>\n<meta property=\"og:title\" content=\"Nosotros - Vicerrector\u00eda de Desarrollo Estudiantil\" \/>\n<meta property=\"og:description\" content=\"La Vicerrector\u00eda DE DESARROLLO ESTUDIANTIL La Vicerrector\u00eda de Desarrollo Estudiantil busca ser el espacio vital que fortalezca el desarrollo integral de los alumnos y la vinculaci\u00f3n con la universidad por medio de la entrega de herramientas y oportunidades, fomentando\" \/>\n<meta property=\"og:url\" content=\"https:\/\/vde.utalca.cl\/?page_id=7913\" \/>\n<meta property=\"og:site_name\" content=\"Vicerrector\u00eda de Desarrollo Estudiantil\" \/>\n<meta property=\"article:modified_time\" content=\"2026-05-08T19:59:09+00:00\" \/>\n<meta property=\"og:image\" content=\"https:\/\/vde.utalca.cl\/wp-content\/uploads\/2026\/05\/olga_lobos-472.jpg\" \/>\n\t<meta property=\"og:image:width\" content=\"472\" \/>\n\t<meta property=\"og:image:height\" content=\"472\" \/>\n\t<meta property=\"og:image:type\" content=\"image\/jpeg\" \/>\n<meta name=\"twitter:card\" content=\"summary_large_image\" \/>\n<meta name=\"twitter:label1\" content=\"Tiempo estimado de lectura\" \/>\n\t<meta name=\"twitter:data1\" content=\"1 minuto\" \/>\n<script type=\"application\/ld+json\" class=\"yoast-schema-graph\">{\"@context\":\"https:\\\/\\\/schema.org\",\"@graph\":[{\"@type\":\"WebPage\",\"@id\":\"https:\\\/\\\/vde.utalca.cl\\\/?page_id=7913\",\"url\":\"https:\\\/\\\/vde.utalca.cl\\\/?page_id=7913\",\"name\":\"Nosotros - Vicerrector\u00eda de Desarrollo Estudiantil\",\"isPartOf\":{\"@id\":\"https:\\\/\\\/vde.utalca.cl\\\/#website\"},\"primaryImageOfPage\":{\"@id\":\"https:\\\/\\\/vde.utalca.cl\\\/?page_id=7913#primaryimage\"},\"image\":{\"@id\":\"https:\\\/\\\/vde.utalca.cl\\\/?page_id=7913#primaryimage\"},\"thumbnailUrl\":\"https:\\\/\\\/vde.utalca.cl\\\/wp-content\\\/uploads\\\/2026\\\/05\\\/olga_lobos-472-150x150.jpg\",\"datePublished\":\"2021-12-22T19:22:39+00:00\",\"dateModified\":\"2026-05-08T19:59:09+00:00\",\"breadcrumb\":{\"@id\":\"https:\\\/\\\/vde.utalca.cl\\\/?page_id=7913#breadcrumb\"},\"inLanguage\":\"es-CL\",\"potentialAction\":[{\"@type\":\"ReadAction\",\"target\":[\"https:\\\/\\\/vde.utalca.cl\\\/?page_id=7913\"]}]},{\"@type\":\"ImageObject\",\"inLanguage\":\"es-CL\",\"@id\":\"https:\\\/\\\/vde.utalca.cl\\\/?page_id=7913#primaryimage\",\"url\":\"https:\\\/\\\/vde.utalca.cl\\\/wp-content\\\/uploads\\\/2026\\\/05\\\/olga_lobos-472.jpg\",\"contentUrl\":\"https:\\\/\\\/vde.utalca.cl\\\/wp-content\\\/uploads\\\/2026\\\/05\\\/olga_lobos-472.jpg\",\"width\":472,\"height\":472},{\"@type\":\"BreadcrumbList\",\"@id\":\"https:\\\/\\\/vde.utalca.cl\\\/?page_id=7913#breadcrumb\",\"itemListElement\":[{\"@type\":\"ListItem\",\"position\":1,\"name\":\"Portada\",\"item\":\"https:\\\/\\\/vde.utalca.cl\\\/\"},{\"@type\":\"ListItem\",\"position\":2,\"name\":\"Nosotros\"}]},{\"@type\":\"WebSite\",\"@id\":\"https:\\\/\\\/vde.utalca.cl\\\/#website\",\"url\":\"https:\\\/\\\/vde.utalca.cl\\\/\",\"name\":\"Vicerrector\u00eda de Desarrollo Estudiantil\",\"description\":\"Universidad de Talca\",\"publisher\":{\"@id\":\"https:\\\/\\\/vde.utalca.cl\\\/#organization\"},\"potentialAction\":[{\"@type\":\"SearchAction\",\"target\":{\"@type\":\"EntryPoint\",\"urlTemplate\":\"https:\\\/\\\/vde.utalca.cl\\\/?s={search_term_string}\"},\"query-input\":{\"@type\":\"PropertyValueSpecification\",\"valueRequired\":true,\"valueName\":\"search_term_string\"}}],\"inLanguage\":\"es-CL\"},{\"@type\":\"Organization\",\"@id\":\"https:\\\/\\\/vde.utalca.cl\\\/#organization\",\"name\":\"Vicerrector\u00eda de Desarrollo Estudiantil\",\"url\":\"https:\\\/\\\/vde.utalca.cl\\\/\",\"logo\":{\"@type\":\"ImageObject\",\"inLanguage\":\"es-CL\",\"@id\":\"https:\\\/\\\/vde.utalca.cl\\\/#\\\/schema\\\/logo\\\/image\\\/\",\"url\":\"https:\\\/\\\/vde.utalca.cl\\\/wp-content\\\/uploads\\\/2026\\\/03\\\/Logotipo_header_VDE.png\",\"contentUrl\":\"https:\\\/\\\/vde.utalca.cl\\\/wp-content\\\/uploads\\\/2026\\\/03\\\/Logotipo_header_VDE.png\",\"width\":300,\"height\":91,\"caption\":\"Vicerrector\u00eda de Desarrollo Estudiantil\"},\"image\":{\"@id\":\"https:\\\/\\\/vde.utalca.cl\\\/#\\\/schema\\\/logo\\\/image\\\/\"},\"sameAs\":[\"https:\\\/\\\/www.instagram.com\\\/vde.utalca\\\/?hl=es\"]}]}<\/script>\n<!-- \/ Yoast SEO plugin. -->","yoast_head_json":{"title":"Nosotros - Vicerrector\u00eda de Desarrollo Estudiantil","robots":{"index":"index","follow":"follow","max-snippet":"max-snippet:-1","max-image-preview":"max-image-preview:large","max-video-preview":"max-video-preview:-1"},"canonical":"https:\/\/vde.utalca.cl\/?page_id=7913","og_locale":"es_ES","og_type":"article","og_title":"Nosotros - Vicerrector\u00eda de Desarrollo Estudiantil","og_description":"La Vicerrector\u00eda DE DESARROLLO ESTUDIANTIL La Vicerrector\u00eda de Desarrollo Estudiantil busca ser el espacio vital que fortalezca el desarrollo integral de los alumnos y la vinculaci\u00f3n con la universidad por medio de la entrega de herramientas y oportunidades, fomentando","og_url":"https:\/\/vde.utalca.cl\/?page_id=7913","og_site_name":"Vicerrector\u00eda de Desarrollo Estudiantil","article_modified_time":"2026-05-08T19:59:09+00:00","og_image":[{"width":472,"height":472,"url":"https:\/\/vde.utalca.cl\/wp-content\/uploads\/2026\/05\/olga_lobos-472.jpg","type":"image\/jpeg"}],"twitter_card":"summary_large_image","twitter_misc":{"Tiempo estimado de lectura":"1 minuto"},"schema":{"@context":"https:\/\/schema.org","@graph":[{"@type":"WebPage","@id":"https:\/\/vde.utalca.cl\/?page_id=7913","url":"https:\/\/vde.utalca.cl\/?page_id=7913","name":"Nosotros - Vicerrector\u00eda de Desarrollo Estudiantil","isPartOf":{"@id":"https:\/\/vde.utalca.cl\/#website"},"primaryImageOfPage":{"@id":"https:\/\/vde.utalca.cl\/?page_id=7913#primaryimage"},"image":{"@id":"https:\/\/vde.utalca.cl\/?page_id=7913#primaryimage"},"thumbnailUrl":"https:\/\/vde.utalca.cl\/wp-content\/uploads\/2026\/05\/olga_lobos-472-150x150.jpg","datePublished":"2021-12-22T19:22:39+00:00","dateModified":"2026-05-08T19:59:09+00:00","breadcrumb":{"@id":"https:\/\/vde.utalca.cl\/?page_id=7913#breadcrumb"},"inLanguage":"es-CL","potentialAction":[{"@type":"ReadAction","target":["https:\/\/vde.utalca.cl\/?page_id=7913"]}]},{"@type":"ImageObject","inLanguage":"es-CL","@id":"https:\/\/vde.utalca.cl\/?page_id=7913#primaryimage","url":"https:\/\/vde.utalca.cl\/wp-content\/uploads\/2026\/05\/olga_lobos-472.jpg","contentUrl":"https:\/\/vde.utalca.cl\/wp-content\/uploads\/2026\/05\/olga_lobos-472.jpg","width":472,"height":472},{"@type":"BreadcrumbList","@id":"https:\/\/vde.utalca.cl\/?page_id=7913#breadcrumb","itemListElement":[{"@type":"ListItem","position":1,"name":"Portada","item":"https:\/\/vde.utalca.cl\/"},{"@type":"ListItem","position":2,"name":"Nosotros"}]},{"@type":"WebSite","@id":"https:\/\/vde.utalca.cl\/#website","url":"https:\/\/vde.utalca.cl\/","name":"Vicerrector\u00eda de Desarrollo Estudiantil","description":"Universidad de Talca","publisher":{"@id":"https:\/\/vde.utalca.cl\/#organization"},"potentialAction":[{"@type":"SearchAction","target":{"@type":"EntryPoint","urlTemplate":"https:\/\/vde.utalca.cl\/?s={search_term_string}"},"query-input":{"@type":"PropertyValueSpecification","valueRequired":true,"valueName":"search_term_string"}}],"inLanguage":"es-CL"},{"@type":"Organization","@id":"https:\/\/vde.utalca.cl\/#organization","name":"Vicerrector\u00eda de Desarrollo Estudiantil","url":"https:\/\/vde.utalca.cl\/","logo":{"@type":"ImageObject","inLanguage":"es-CL","@id":"https:\/\/vde.utalca.cl\/#\/schema\/logo\/image\/","url":"https:\/\/vde.utalca.cl\/wp-content\/uploads\/2026\/03\/Logotipo_header_VDE.png","contentUrl":"https:\/\/vde.utalca.cl\/wp-content\/uploads\/2026\/03\/Logotipo_header_VDE.png","width":300,"height":91,"caption":"Vicerrector\u00eda de Desarrollo Estudiantil"},"image":{"@id":"https:\/\/vde.utalca.cl\/#\/schema\/logo\/image\/"},"sameAs":["https:\/\/www.instagram.com\/vde.utalca\/?hl=es"]}]}},"_links":{"self":[{"href":"https:\/\/vde.utalca.cl\/index.php?rest_route=\/wp\/v2\/pages\/7913","targetHints":{"allow":["GET"]}}],"collection":[{"href":"https:\/\/vde.utalca.cl\/index.php?rest_route=\/wp\/v2\/pages"}],"about":[{"href":"https:\/\/vde.utalca.cl\/index.php?rest_route=\/wp\/v2\/types\/page"}],"author":[{"embeddable":true,"href":"https:\/\/vde.utalca.cl\/index.php?rest_route=\/wp\/v2\/users\/1"}],"replies":[{"embeddable":true,"href":"https:\/\/vde.utalca.cl\/index.php?rest_route=%2Fwp%2Fv2%2Fcomments&post=7913"}],"version-history":[{"count":36,"href":"https:\/\/vde.utalca.cl\/index.php?rest_route=\/wp\/v2\/pages\/7913\/revisions"}],"predecessor-version":[{"id":9105,"href":"https:\/\/vde.utalca.cl\/index.php?rest_route=\/wp\/v2\/pages\/7913\/revisions\/9105"}],"wp:attachment":[{"href":"https:\/\/vde.utalca.cl\/index.php?rest_route=%2Fwp%2Fv2%2Fmedia&parent=7913"}],"curies":[{"name":"wp","href":"https:\/\/api.w.org\/{rel}","templated":true}]}}